{"id":1223,"date":"2024-10-07T07:50:53","date_gmt":"2024-10-07T07:50:53","guid":{"rendered":"https:\/\/fdm-nds.de\/?page_id=1223"},"modified":"2025-07-29T12:07:18","modified_gmt":"2025-07-29T12:07:18","slug":"data-days-2024","status":"publish","type":"page","link":"https:\/\/fdm-nds.de\/index.php\/data-days-2024\/","title":{"rendered":"Data Days 2024"},"content":{"rendered":"<p>[et_pb_section fb_built=&#8221;1&#8243; admin_label=&#8221;Heading&#8221; _builder_version=&#8221;4.24.2&#8243; _module_preset=&#8221;default&#8221; custom_margin=&#8221;0px||0px||false|false&#8221; custom_padding=&#8221;0px||15px||false|false&#8221; global_colors_info=&#8221;{}&#8221;][et_pb_row _builder_version=&#8221;4.24.2&#8243; _module_preset=&#8221;default&#8221; custom_margin=&#8221;||0px||false|false&#8221; custom_padding=&#8221;||0px||false|false&#8221; global_colors_info=&#8221;{}&#8221;][et_pb_column type=&#8221;4_4&#8243; _builder_version=&#8221;4.16&#8243; _module_preset=&#8221;default&#8221; global_colors_info=&#8221;{}&#8221;][et_pb_text _builder_version=&#8221;4.24.2&#8243; _module_preset=&#8221;83d94e9b-bff8-4c15-9e33-e7b1a7a21887&#8243; header_font=&#8221;Quicksand||||||||&#8221; header_text_color=&#8221;#313191&#8243; header_2_font=&#8221;Quicksand|700||on|||||&#8221; header_2_text_color=&#8221;#313191&#8243; header_2_font_size=&#8221;64px&#8221; header_2_line_height=&#8221;1.1em&#8221; text_orientation=&#8221;center&#8221; custom_margin=&#8221;||10px||false|false&#8221; header_2_font_size_tablet=&#8221;32px&#8221; header_2_font_size_phone=&#8221;20px&#8221; header_2_font_size_last_edited=&#8221;on|phone&#8221; locked=&#8221;off&#8221; global_colors_info=&#8221;{}&#8221;]<\/p>\n<h1>Data Days Niedersachsen 2024<\/h1>\n<p>[\/et_pb_text][\/et_pb_column][\/et_pb_row][et_pb_row column_structure=&#8221;3_5,2_5&#8243; _builder_version=&#8221;4.27.4&#8243; _module_preset=&#8221;default&#8221; custom_padding=&#8221;||0px||false|false&#8221; global_colors_info=&#8221;{}&#8221;][et_pb_column type=&#8221;3_5&#8243; _builder_version=&#8221;4.24.2&#8243; _module_preset=&#8221;default&#8221; global_colors_info=&#8221;{}&#8221;][et_pb_text _builder_version=&#8221;4.27.4&#8243; _module_preset=&#8221;default&#8221; custom_padding=&#8221;||0px||false|false&#8221; global_colors_info=&#8221;{}&#8221;]<\/p>\n<p>Im November 2024 war es soweit: Die Landesinitiative Forschungsdatenmanagement Niedersachsen (FDM-NDS) lud zum ersten Mal zu den Data Days Niedersachsen ein.<\/p>\n<h3>Tag 1 &#8211; 13.11.2024<\/h3>\n<p>Die zweit\u00e4gige Veranstaltung startete am 13. November im historischen Ambiente des &#8220;K\u00f6niglichen Pferdestalls&#8221; in Hannover. Insgesamt 82 Teilnehmende waren vor Ort dabei \u2013 eine tolle Gelegenheit, um sich \u00fcber Forschungsdatenmanagement (FDM) in Niedersachsen auszutauschen und zu vernetzen.<\/p>\n<p>Nach einer herzlichen Begr\u00fc\u00dfung durch Robert Str\u00f6tgen und Diana Schmidt, die als Sprecher und stellvertretende Sprecherin des Steuerungsgremiums von FDM-NDS fungieren, gab es spannende Einblicke in die Landesinitiative. Mitarbeitende stellten die <a href=\"https:\/\/fdm-nds.de\/index.php\/uber-uns\/\" target=\"_blank\" rel=\"noopener\">Entwicklung sowie die drei S\u00e4ulen von FDM-NDS vor<\/a>.<\/p>\n<p>Vor der Mittagspause wurde es dann konkret: Es standen die Angebote und Services im Fokus, die Forschenden in Niedersachsen zur Verf\u00fcgung stehen. Anna-Karina Renziehausen und Dr. Christine Jung-Dahlke pr\u00e4sentierten das Arbeitspaket \u201eBeratungs- und Unterst\u00fctzungsangebote\u201c der <a href=\"https:\/\/fdm-nds.de\/index.php\/saeule_1\/\" target=\"_blank\" rel=\"noopener\">S\u00e4ule 1<\/a> (AP4)\u00a0 und warfen dabei auch einen Blick in die Zukunft. Erg\u00e4nzend stellte Jana B\u00f6hm aus dem Projekt &#8220;<a href=\"https:\/\/academiccloud.de\/de\/projects\/fdms\/\" target=\"_blank\" rel=\"noopener\">Basisdienste f\u00fcr das Forschungsdatenmanagement in Niedersachsen<\/a>&#8221; die Academic Cloud und ihre vielf\u00e4ltigen Nutzungsm\u00f6glichkeiten vor. Parallel dazu organisierte die <a href=\"https:\/\/fdm-nds.de\/index.php\/saeule_2\/\" target=\"_blank\" rel=\"noopener\">S\u00e4ule 2<\/a> von FDM-NDS eine exklusive Vernetzungsveranstaltung f\u00fcr ihre Data Stewards, die in einer geschlossenen Session stattfand.<\/p>\n<p>Nach einer leckeren Mittagspause \u2013 und bereits vielen angeregten Gespr\u00e4chen \u2013 kam eines der Highlights des Tages: die erstmalige Verleihung des <a href=\"https:\/\/fdm-nds.de\/index.php\/fair_award_2024\/\" target=\"_blank\" rel=\"noopener\">FAIR Data and Software Award Lower Saxony<\/a>. Nach einem Gru\u00dfwort des Schirmherren, Prof. Dr. York Sure-Vetter, \u00fcberreichte Anna Teschner vom Nieders\u00e4chsischen Ministerium f\u00fcr Wissenschaft und Kultur die Preise in den Kategorien \u201eSoftware\u201c und \u201eDataset\u201c. Die ausgezeichneten Projekte und Personen durften anschlie\u00dfend ihre Arbeiten kurz vorstellen. Weitere Details zu den Preistr\u00e4ger*innen und ihren Projekten gibt es auf unserer Award-Seite. Wir bedanken uns hier noch einmal recht herzlich bei Prof. Dr. York Sure-Vetter und Anna Teschner f\u00fcr die Unterst\u00fctzung.<\/p>\n<p>Im Anschluss an diesen feierlichen Moment ging es mit einem spannenden Vortrag zur Nationalen Forschungsdateninfrastruktur (<a href=\"https:\/\/www.nfdi.de\/\" target=\"_blank\" rel=\"noopener\">NFD<\/a>I) durch Stephan Ferenz weiter. Darauf folgte eine Postersession, bei der verschiedene NFDI-Konsortien ihre Arbeit pr\u00e4sentierten. Dabei blieb auch gen\u00fcgend Raum f\u00fcr den allgemeinen Austausch rund ums Thema FDM in Niedersachsen. Zum Ende der Veranstaltung \u00fcbernahmen Robert Str\u00f6tgen und Diana Schmidt noch einmal das Wort und verabschiedeten alle Teilnehmenden.<\/p>\n<h3>Tag 2 &#8211; 14.11.2024<\/h3>\n<p>Am zweiten Tag der Data Days Niedersachsen ging es dann virtuell weiter. Der gesamte Tag fand online statt und bot ein abwechslungsreiches Programm mit insgesamt 11 Veranstaltungen zu verschiedenen Themen des Forschungsdatenmanagements. Eine \u00dcbersicht des Programms findet sich weiter unten, und wo m\u00f6glich, wurden die Pr\u00e4sentationsfolien bereitgestellt.<\/p>\n<p>Wir freuen uns riesig \u00fcber das positive Feedback und die rege Teilnahme an den ersten Data Days Niedersachsen! Schon jetzt blicken wir mit Vorfreude auf die n\u00e4chste Ausgabe im kommenden Jahr.<\/p>\n<p>[\/et_pb_text][et_pb_text _builder_version=&#8221;4.27.4&#8243; _module_preset=&#8221;default&#8221; global_colors_info=&#8221;{}&#8221;]<\/p>\n<h3>Online Programm des zweiten Tages:<\/h3>\n<p>[\/et_pb_text][et_pb_text _builder_version=&#8221;4.27.4&#8243; _module_preset=&#8221;default&#8221; text_text_color=&#8221;#777777&#8243; header_3_text_color=&#8221;#313191&#8243; custom_margin=&#8221;||0px||false|false&#8221; custom_padding=&#8221;||5px||false|false&#8221; global_colors_info=&#8221;{}&#8221;]<\/p>\n<h3>V1: Short Introduction into the research data management of geo- , bio- and agricultural disciplines<\/h3>\n<p><em>Dr. Christine Jung-Dahlke &#8211; <\/em>Slides: <a href=\"https:\/\/doi.org\/10.5281\/zenodo.14506871\" target=\"_blank\" rel=\"noopener\">DOI: 10.5281\/zenodo.14506871<\/a><\/p>\n<p>[\/et_pb_text][et_pb_divider color=&#8221;#313191&#8243; _builder_version=&#8221;4.27.4&#8243; _module_preset=&#8221;default&#8221; custom_margin=&#8221;0px||-10px||false|false&#8221; custom_padding=&#8221;0px||0px||false|false&#8221; global_colors_info=&#8221;{}&#8221;][\/et_pb_divider][et_pb_text _builder_version=&#8221;4.27.4&#8243; _module_preset=&#8221;default&#8221; text_text_color=&#8221;#777777&#8243; header_3_text_color=&#8221;#8D2757&#8243; custom_margin=&#8221;||0px||false|false&#8221; custom_padding=&#8221;||0px||false|false&#8221; global_colors_info=&#8221;{}&#8221;]<\/p>\n<h3>V2: Demo of Chemotion ELN &#8211; An electronic lab notebook for chemistry and more<\/h3>\n<p><em>Dr. Benjamin Golub-Overbeck &#8211; <\/em>Slides: <a href=\"https:\/\/doi.org\/10.5281\/zenodo.14192318\" target=\"_blank\" rel=\"noopener\">DOI: 10.5281\/zenodo.14192318<\/a><\/p>\n<p>[\/et_pb_text][et_pb_divider color=&#8221;#8D2757&#8243; _builder_version=&#8221;4.27.4&#8243; _module_preset=&#8221;default&#8221; custom_margin=&#8221;0px||-10px||false|false&#8221; custom_padding=&#8221;0px||0px||false|false&#8221; global_colors_info=&#8221;{}&#8221;][\/et_pb_divider][et_pb_text _builder_version=&#8221;4.27.4&#8243; _module_preset=&#8221;default&#8221; text_text_color=&#8221;#777777&#8243; header_3_text_color=&#8221;#E81C27&#8243; custom_margin=&#8221;||0px||false|false&#8221; custom_padding=&#8221;||0px||false|false&#8221; global_colors_info=&#8221;{}&#8221;]<\/p>\n<h3>V3: FDM-Sprint &#8211; Hands on statt Theorie<\/h3>\n<p><em>Dr. Laura Grunwald-Eckhardt &#8211; <\/em>Folien: <a href=\"https:\/\/doi.org\/10.5281\/zenodo.14192830\" target=\"_blank\" rel=\"noopener\">DOI:10.5281\/zenodo.14192830<\/a><\/p>\n<p>[\/et_pb_text][et_pb_divider color=&#8221;#E81C27&#8243; _builder_version=&#8221;4.27.4&#8243; _module_preset=&#8221;default&#8221; custom_margin=&#8221;0px||-10px||false|false&#8221; custom_padding=&#8221;0px||0px||false|false&#8221; global_colors_info=&#8221;{}&#8221;][\/et_pb_divider][et_pb_text _builder_version=&#8221;4.27.4&#8243; _module_preset=&#8221;default&#8221; text_text_color=&#8221;#777777&#8243; header_3_text_color=&#8221;#313191&#8243; custom_margin=&#8221;||0px||false|false&#8221; custom_padding=&#8221;||0px||false|false&#8221; global_colors_info=&#8221;{}&#8221;]<\/p>\n<h3>V4: Daten sicher managen: Datenschutz im FDM<\/h3>\n<p><em>Ana Agniashvili &#8211; <\/em>Folien: <a href=\"https:\/\/doi.org\/10.5281\/zenodo.14230820\" target=\"_blank\" rel=\"noopener\">DOI: 10.5281\/zenodo.14230820<\/a><\/p>\n<p>[\/et_pb_text][et_pb_divider color=&#8221;#313191&#8243; _builder_version=&#8221;4.27.4&#8243; _module_preset=&#8221;default&#8221; custom_margin=&#8221;0px||-10px||false|false&#8221; custom_padding=&#8221;0px||0px||false|false&#8221; global_colors_info=&#8221;{}&#8221;][\/et_pb_divider][et_pb_text _builder_version=&#8221;4.27.4&#8243; _module_preset=&#8221;default&#8221; text_text_color=&#8221;#777777&#8243; header_3_text_color=&#8221;#8D2757&#8243; custom_margin=&#8221;||0px||false|false&#8221; custom_padding=&#8221;||0px||false|false&#8221; global_colors_info=&#8221;{}&#8221;]<\/p>\n<h3>V5: Effizientes Forschungsdatenmanagement: Praktische L\u00f6sungen mit der Academic Cloud<\/h3>\n<p><em>Basisdienste FDM &#8211; Team &#8211;<\/em> Folien: <a href=\"https:\/\/doi.org\/10.5281\/zenodo.14332046\" target=\"_blank\" rel=\"noopener\">DOI: 10.5281\/zenodo.14332046<\/a><em><br \/><\/em><\/p>\n<p>[\/et_pb_text][et_pb_divider color=&#8221;#8D2757&#8243; _builder_version=&#8221;4.27.4&#8243; _module_preset=&#8221;default&#8221; custom_margin=&#8221;0px||-10px||false|false&#8221; custom_padding=&#8221;0px||0px||false|false&#8221; global_colors_info=&#8221;{}&#8221;][\/et_pb_divider][et_pb_text _builder_version=&#8221;4.27.4&#8243; _module_preset=&#8221;default&#8221; text_text_color=&#8221;#777777&#8243; header_3_text_color=&#8221;#E81C27&#8243; custom_margin=&#8221;||0px||false|false&#8221; custom_padding=&#8221;||0px||false|false&#8221; global_colors_info=&#8221;{}&#8221;]<\/p>\n<h3>V6: Establishing a Constructive Error Culture in Science: Scaling Up Transparency and Trust<\/h3>\n<p><em>Johannes Vosskuhl &amp; Maximilian Frank &#8211; <\/em>Slides: <a href=\"https:\/\/doi.org\/10.5281\/zenodo.14197071\" target=\"_blank\" rel=\"noopener\">DOI:10.5281\/zenodo.14197071<\/a><em><br \/><\/em><\/p>\n<p>[\/et_pb_text][et_pb_divider color=&#8221;#E81C27&#8243; _builder_version=&#8221;4.27.4&#8243; _module_preset=&#8221;default&#8221; custom_margin=&#8221;0px||-10px||false|false&#8221; custom_padding=&#8221;0px||0px||false|false&#8221; global_colors_info=&#8221;{}&#8221;][\/et_pb_divider][et_pb_text _builder_version=&#8221;4.27.4&#8243; _module_preset=&#8221;default&#8221; text_text_color=&#8221;#777777&#8243; header_3_text_color=&#8221;#313191&#8243; custom_margin=&#8221;||0px||false|false&#8221; custom_padding=&#8221;||0px||false|false&#8221; global_colors_info=&#8221;{}&#8221;]<\/p>\n<h3>V7: ORKG: Find the Research You Are Actually Looking for<\/h3>\n<p><em>Vinodh Ilangovan &amp; Anna-Lena Lorenz &#8211; <\/em>Slides: <a href=\"https:\/\/doi.org\/10.5281\/zenodo.14164179\" target=\"_blank\" rel=\"noopener\">DOI: 10.5281\/zenodo.14164179<\/a><\/p>\n<p>[\/et_pb_text][et_pb_divider color=&#8221;#313191&#8243; _builder_version=&#8221;4.27.4&#8243; _module_preset=&#8221;default&#8221; custom_margin=&#8221;0px||-10px||false|false&#8221; custom_padding=&#8221;0px||0px||false|false&#8221; global_colors_info=&#8221;{}&#8221;][\/et_pb_divider][et_pb_text _builder_version=&#8221;4.27.4&#8243; _module_preset=&#8221;default&#8221; text_text_color=&#8221;#777777&#8243; header_3_text_color=&#8221;#8D2757&#8243; custom_margin=&#8221;||0px||false|false&#8221; custom_padding=&#8221;||0px||false|false&#8221; global_colors_info=&#8221;{}&#8221;]<\/p>\n<h3>V8: Rollen, Rechte und Ressourcen &#8211; Wie organisiert man Datenmanagement in gr\u00f6\u00dferen Projekten?<\/h3>\n<p><em>Dr. Volker So\u00dfna &#8211; <\/em>Folien: <a href=\"%20 https:\/\/doi.org\/10.5281\/zenodo.14192669\" target=\"_blank\" rel=\"noopener\">DOI: 10.5281\/zenodo.14192669<\/a><em><br \/><\/em><\/p>\n<p>[\/et_pb_text][et_pb_divider color=&#8221;#8D2757&#8243; _builder_version=&#8221;4.27.4&#8243; _module_preset=&#8221;default&#8221; custom_margin=&#8221;0px||-10px||false|false&#8221; custom_padding=&#8221;0px||0px||false|false&#8221; global_colors_info=&#8221;{}&#8221;][\/et_pb_divider][et_pb_text _builder_version=&#8221;4.27.4&#8243; _module_preset=&#8221;default&#8221; text_text_color=&#8221;#777777&#8243; header_3_text_color=&#8221;#E81C27&#8243; custom_margin=&#8221;||0px||false|false&#8221; custom_padding=&#8221;||0px||false|false&#8221; global_colors_info=&#8221;{}&#8221;]<\/p>\n<h3>V9: Wem \u201egeh\u00f6ren\u201c meine Forschungsdaten? Urheberrecht im FDM<\/h3>\n<p><em>Ana Agniashvili &#8211; Folien von einer vorherigen Veranstaltung: <a href=\"https:\/\/doi.org\/10.5281\/zenodo.13237026\" target=\"_blank\" rel=\"noopener\">DOI: 10.5281\/zenodo.13237026<\/a><br \/><\/em><\/p>\n<p>[\/et_pb_text][et_pb_divider color=&#8221;#E81C27&#8243; _builder_version=&#8221;4.27.4&#8243; _module_preset=&#8221;default&#8221; custom_margin=&#8221;0px||-10px||false|false&#8221; custom_padding=&#8221;0px||0px||false|false&#8221; global_colors_info=&#8221;{}&#8221;][\/et_pb_divider][et_pb_text _builder_version=&#8221;4.27.4&#8243; _module_preset=&#8221;default&#8221; text_text_color=&#8221;#777777&#8243; header_3_text_color=&#8221;#313191&#8243; custom_margin=&#8221;||0px||false|false&#8221; custom_padding=&#8221;||0px||false|false&#8221; global_colors_info=&#8221;{}&#8221;]<\/p>\n<h3>V10: Nachnutzung von Forschungsdaten: Datenfusion und Metaanalysen<\/h3>\n<p>Prof. Dr. Klaus Jung &#8211; Folien: <a href=\"%20 https:\/\/doi.org\/10.5281\/zenodo.14332609\" target=\"_blank\" rel=\"noopener\">DOI: 10.5281\/zenodo.14332609<\/a><\/p>\n<p>[\/et_pb_text][et_pb_divider color=&#8221;#313191&#8243; _builder_version=&#8221;4.27.4&#8243; _module_preset=&#8221;default&#8221; custom_margin=&#8221;0px||-10px||false|false&#8221; custom_padding=&#8221;0px||0px||false|false&#8221; global_colors_info=&#8221;{}&#8221;][\/et_pb_divider][et_pb_text _builder_version=&#8221;4.27.4&#8243; _module_preset=&#8221;default&#8221; text_text_color=&#8221;#777777&#8243; header_3_text_color=&#8221;#8D2757&#8243; custom_margin=&#8221;||0px||false|false&#8221; custom_padding=&#8221;||0px||false|false&#8221; global_colors_info=&#8221;{}&#8221;]<\/p>\n<h3>V11: Forschende vs. Datenschutz: Komplexit\u00e4tsreduktion im wissenschaftlichen Datenschutzprozess<\/h3>\n<p><em>Tim Albrecht &#8211; <\/em>Folien: <a href=\"https:\/\/doi.org\/10.5281\/zenodo.14331081\" target=\"_blank\" rel=\"noopener\">DOI: 10.5281\/zenodo.14331081<\/a><\/p>\n<p>[\/et_pb_text][\/et_pb_column][et_pb_column type=&#8221;2_5&#8243; _builder_version=&#8221;4.24.2&#8243; _module_preset=&#8221;default&#8221; global_colors_info=&#8221;{}&#8221;][et_pb_gallery gallery_ids=&#8221;1706,1707,1708,1709,1710,1711,1712,1713,1714,1715,1716,1717,1718,1719,1721,1722,1723,1724,1553&#8243; gallery_orderby=&#8221;rand&#8221; posts_number=&#8221;6&#8243; show_title_and_caption=&#8221;off&#8221; _builder_version=&#8221;4.27.4&#8243; _module_preset=&#8221;default&#8221; pagination_text_color=&#8221;#E81C27&#8243; custom_margin=&#8221;||||false|false&#8221; custom_padding=&#8221;||||false|false&#8221; border_radii=&#8221;on|5px|5px|5px|5px&#8221; global_colors_info=&#8221;{}&#8221;][\/et_pb_gallery][\/et_pb_column][\/et_pb_row][\/et_pb_section]<\/p>\n","protected":false},"excerpt":{"rendered":"<p>Data Days Niedersachsen 2024Im November 2024 war es soweit: Die Landesinitiative Forschungsdatenmanagement Niedersachsen (FDM-NDS) lud zum ersten Mal zu den Data Days Niedersachsen ein. Tag 1 &#8211; 13.11.2024 Die zweit\u00e4gige Veranstaltung startete am 13. November im historischen Ambiente des &#8220;K\u00f6niglichen Pferdestalls&#8221; in Hannover. Insgesamt 82 Teilnehmende waren vor Ort dabei \u2013 eine tolle Gelegenheit, um [&hellip;]<\/p>\n","protected":false},"author":2,"featured_media":0,"parent":0,"menu_order":0,"comment_status":"closed","ping_status":"closed","template":"","meta":{"_et_pb_use_builder":"on","_et_pb_old_content":"","_et_gb_content_width":"","footnotes":""},"class_list":["post-1223","page","type-page","status-publish","hentry"],"_links":{"self":[{"href":"https:\/\/fdm-nds.de\/index.php\/wp-json\/wp\/v2\/pages\/1223","targetHints":{"allow":["GET"]}}],"collection":[{"href":"https:\/\/fdm-nds.de\/index.php\/wp-json\/wp\/v2\/pages"}],"about":[{"href":"https:\/\/fdm-nds.de\/index.php\/wp-json\/wp\/v2\/types\/page"}],"author":[{"embeddable":true,"href":"https:\/\/fdm-nds.de\/index.php\/wp-json\/wp\/v2\/users\/2"}],"replies":[{"embeddable":true,"href":"https:\/\/fdm-nds.de\/index.php\/wp-json\/wp\/v2\/comments?post=1223"}],"version-history":[{"count":76,"href":"https:\/\/fdm-nds.de\/index.php\/wp-json\/wp\/v2\/pages\/1223\/revisions"}],"predecessor-version":[{"id":2939,"href":"https:\/\/fdm-nds.de\/index.php\/wp-json\/wp\/v2\/pages\/1223\/revisions\/2939"}],"wp:attachment":[{"href":"https:\/\/fdm-nds.de\/index.php\/wp-json\/wp\/v2\/media?parent=1223"}],"curies":[{"name":"wp","href":"https:\/\/api.w.org\/{rel}","templated":true}]}}